{"id":1569,"date":"2020-03-11T17:33:01","date_gmt":"2020-03-11T17:33:01","guid":{"rendered":"https:\/\/www.switzerland-payroll.ch\/blog\/"},"modified":"2023-01-06T10:47:44","modified_gmt":"2023-01-06T10:47:44","slug":"neuigkeiten","status":"publish","type":"page","link":"https:\/\/www.switzerland-payroll.ch\/de\/neuigkeiten\/","title":{"rendered":"Neuigkeiten"},"content":{"rendered":"\t\t<div data-elementor-type=\"wp-page\" data-elementor-id=\"1569\" class=\"elementor elementor-1569 elementor-1561\" data-elementor-post-type=\"page\">\n\t\t\t\t\t\t<section class=\"elementor-section elementor-top-section elementor-element elementor-element-221a136d elementor-section-stretched ie-liner-bg ie-mobile-text-shadow elementor-section-boxed elementor-section-height-default elementor-section-height-default\" data-id=\"221a136d\" data-element_type=\"section\" data-e-type=\"section\" data-settings=\"{&quot;stretch_section&quot;:&quot;section-stretched&quot;,&quot;background_background&quot;:&quot;classic&quot;}\">\n\t\t\t\t\t\t\t<div class=\"elementor-background-overlay\"><\/div>\n\t\t\t\t\t\t\t<div class=\"elementor-container elementor-column-gap-default\">\n\t\t\t\t\t<div class=\"elementor-column elementor-col-100 elementor-top-column elementor-element elementor-element-5f409cfa\" data-id=\"5f409cfa\" data-element_type=\"column\" data-e-type=\"column\">\n\t\t\t<div class=\"elementor-widget-wrap elementor-element-populated\">\n\t\t\t\t\t\t<div class=\"elementor-element elementor-element-15cb3b23 elementor-widget elementor-widget-heading\" data-id=\"15cb3b23\" data-element_type=\"widget\" data-e-type=\"widget\" data-widget_type=\"heading.default\">\n\t\t\t\t<div class=\"elementor-widget-container\">\n\t\t\t\t\t<h1 class=\"elementor-heading-title elementor-size-default\">Blog<\/h1>\t\t\t\t<\/div>\n\t\t\t\t<\/div>\n\t\t\t\t<div class=\"elementor-element elementor-element-2303b87f ie-content-550 elementor-widget elementor-widget-text-editor\" data-id=\"2303b87f\" data-element_type=\"widget\" data-e-type=\"widget\" data-widget_type=\"text-editor.default\">\n\t\t\t\t<div class=\"elementor-widget-container\">\n\t\t\t\t\t\t\t\t\tUnser Blog. Z\u00f6gern Sie nicht zu reagieren.\t\t\t\t\t\t\t\t<\/div>\n\t\t\t\t<\/div>\n\t\t\t\t\t<\/div>\n\t\t<\/div>\n\t\t\t\t\t<\/div>\n\t\t<\/section>\n\t\t\t\t<section class=\"elementor-section elementor-top-section elementor-element elementor-element-54cfaa8d elementor-section-stretched ie-blog-section-wrap elementor-section-boxed elementor-section-height-default elementor-section-height-default\" data-id=\"54cfaa8d\" data-element_type=\"section\" data-e-type=\"section\" data-settings=\"{&quot;stretch_section&quot;:&quot;section-stretched&quot;,&quot;background_background&quot;:&quot;classic&quot;}\">\n\t\t\t\t\t\t<div class=\"elementor-container elementor-column-gap-default\">\n\t\t\t\t\t<div class=\"elementor-column elementor-col-50 elementor-top-column elementor-element elementor-element-752d3756 ie-blog-section-c1\" data-id=\"752d3756\" data-element_type=\"column\" data-e-type=\"column\">\n\t\t\t<div class=\"elementor-widget-wrap elementor-element-populated\">\n\t\t\t\t\t\t<div class=\"elementor-element elementor-element-331d80f6 elementor-widget elementor-widget-shortcode\" data-id=\"331d80f6\" data-element_type=\"widget\" data-e-type=\"widget\" data-widget_type=\"shortcode.default\">\n\t\t\t\t<div class=\"elementor-widget-container\">\n\t\t\t\t\t\t\t<div class=\"elementor-shortcode\">\t\t<div class=\"sps-blog-posts-wrapper\">\n\t\t\t\t\t\t\t<div class=\"sps-blog-posts-items\">\n\t\t\t\t\t<div class=\"sps-blog-posts-items-inner\">\n\t\t\t\t\t\t\t\t\t\t\t\t\t<a href=\"https:\/\/www.switzerland-payroll.ch\/de\/das-umfassende-und-relativ-komplexe-sozialversicherungssystem-sps-kuemmert-sich-um-das-verfahren-zur-erlangung-ihrer-arbeitsbewilligung\/\">\n\t\t\t\t\t\t\t\t<div class=\"sps-blog-thumbnail\">\n\t\t\t\t\t\t\t\t\t<img loading=\"lazy\" decoding=\"async\" width=\"2067\" height=\"1240\" src=\"https:\/\/www.switzerland-payroll.ch\/wp-content\/uploads\/2020\/10\/News-SPS-permis-de-travail-LinkedIn.jpg\" class=\"attachment-post-thumbnail size-post-thumbnail wp-post-image\" alt=\"\" srcset=\"https:\/\/www.switzerland-payroll.ch\/wp-content\/uploads\/2020\/10\/News-SPS-permis-de-travail-LinkedIn.jpg 2067w, https:\/\/www.switzerland-payroll.ch\/wp-content\/uploads\/2020\/10\/News-SPS-permis-de-travail-LinkedIn-300x180.jpg 300w, https:\/\/www.switzerland-payroll.ch\/wp-content\/uploads\/2020\/10\/News-SPS-permis-de-travail-LinkedIn-1024x614.jpg 1024w, https:\/\/www.switzerland-payroll.ch\/wp-content\/uploads\/2020\/10\/News-SPS-permis-de-travail-LinkedIn-768x461.jpg 768w, https:\/\/www.switzerland-payroll.ch\/wp-content\/uploads\/2020\/10\/News-SPS-permis-de-travail-LinkedIn-1536x921.jpg 1536w, https:\/\/www.switzerland-payroll.ch\/wp-content\/uploads\/2020\/10\/News-SPS-permis-de-travail-LinkedIn-2048x1229.jpg 2048w\" sizes=\"(max-width: 2067px) 100vw, 2067px\" \/>\t\t\t\t\t\t\t\t<\/div>\n\t\t\t\t\t\t\t<\/a>\n\t\t\t\t\t\t\t\t\t\t\t\t<div class=\"sps-blog-content\">\n\t\t\t\t\t\t\t<div class=\"sps-blog-meta\">\n\t\t\t\t\t\t\t\t<span class=\"author\"><i class=\"far fa-user\"><\/i> By Arnaud Barbezat<\/span>\n\t\t\t\t\t\t\t\t<span class=\"date\"><i class=\"far fa-calendar-minus\"><\/i> 06 Januar 2023<\/span>\n\t\t\t\t\t\t\t\t<span class=\"comments-count\"><i class=\"far fa-comment\"><\/i> 0 Comments<\/span>\n\t\t\t\t\t\t\t<\/div>\n\t\t\t\t\t\t\t<div class=\"sps-blog-title\">\n\t\t\t\t\t\t\t\t<h3><a href=\"https:\/\/www.switzerland-payroll.ch\/de\/das-umfassende-und-relativ-komplexe-sozialversicherungssystem-sps-kuemmert-sich-um-das-verfahren-zur-erlangung-ihrer-arbeitsbewilligung\/\">DAS UMFASSENDE UND RELATIV KOMPLEXE SOZIALVERSICHERUNGSSYSTEM: SPS k\u00fcmmert sich um das Verfahren zur Erlangung Ihrer Arbeitsbewilligung<\/a><\/h3>\n\t\t\t\t\t\t\t<\/div>\n\t\t\t\t\t\t\t<div class=\"sps-blog-text\">\n\t\t\t\t\t\t\t\t<p>Das schweizerische Sozialversicherungssystem und seine Rahmenbedingungen sind relativ komplex. SPS k\u00fcmmert sich um das Verfahren zur Erlangung Ihrer Arbeitsbewilligung. Um in der Schweiz arbeiten zu k\u00f6nnen, ben\u00f6tigt ein ausl\u00e4ndischer Arbeitnehmer eine schweizerische Arbeitsbewilligung. SPS k\u00fcmmert sich um alle Verwaltungsverfahren, solange Sie berechtigt sind. #sps #switzerland #payroll #services #sozialschutz #vorteil #freelancer #kunden #selbstst\u00e4ndige #verwaltung #arbeitsbewilligung #lohntr\u00e4gerschaft [&hellip;]<\/p>\n\t\t\t\t\t\t\t<\/div>\n\t\t\t\t\t\t\t<div class=\"sps-blog-button\">\n\t\t\t\t\t\t\t\t<a href=\"https:\/\/www.switzerland-payroll.ch\/de\/das-umfassende-und-relativ-komplexe-sozialversicherungssystem-sps-kuemmert-sich-um-das-verfahren-zur-erlangung-ihrer-arbeitsbewilligung\/\">Read More<\/a>\n\t\t\t\t\t\t\t<\/div>\n\t\t\t\t\t\t<\/div>\n\t\t\t\t\t<\/div>\n\t\t\t\t<\/div>\n\t\t\t\t\t\t\t<div class=\"sps-blog-posts-items\">\n\t\t\t\t\t<div class=\"sps-blog-posts-items-inner\">\n\t\t\t\t\t\t\t\t\t\t\t\t\t<a href=\"https:\/\/www.switzerland-payroll.ch\/de\/schweizer-sozialversicherungsschutz\/\">\n\t\t\t\t\t\t\t\t<div class=\"sps-blog-thumbnail\">\n\t\t\t\t\t\t\t\t\t<img loading=\"lazy\" decoding=\"async\" width=\"2067\" height=\"1240\" src=\"https:\/\/www.switzerland-payroll.ch\/wp-content\/uploads\/2020\/10\/News-SPS-couverture-sociale-LinkedIn.jpg\" class=\"attachment-post-thumbnail size-post-thumbnail wp-post-image\" alt=\"\" srcset=\"https:\/\/www.switzerland-payroll.ch\/wp-content\/uploads\/2020\/10\/News-SPS-couverture-sociale-LinkedIn.jpg 2067w, https:\/\/www.switzerland-payroll.ch\/wp-content\/uploads\/2020\/10\/News-SPS-couverture-sociale-LinkedIn-300x180.jpg 300w, https:\/\/www.switzerland-payroll.ch\/wp-content\/uploads\/2020\/10\/News-SPS-couverture-sociale-LinkedIn-1024x614.jpg 1024w, https:\/\/www.switzerland-payroll.ch\/wp-content\/uploads\/2020\/10\/News-SPS-couverture-sociale-LinkedIn-768x461.jpg 768w, https:\/\/www.switzerland-payroll.ch\/wp-content\/uploads\/2020\/10\/News-SPS-couverture-sociale-LinkedIn-1536x921.jpg 1536w, https:\/\/www.switzerland-payroll.ch\/wp-content\/uploads\/2020\/10\/News-SPS-couverture-sociale-LinkedIn-2048x1229.jpg 2048w\" sizes=\"(max-width: 2067px) 100vw, 2067px\" \/>\t\t\t\t\t\t\t\t<\/div>\n\t\t\t\t\t\t\t<\/a>\n\t\t\t\t\t\t\t\t\t\t\t\t<div class=\"sps-blog-content\">\n\t\t\t\t\t\t\t<div class=\"sps-blog-meta\">\n\t\t\t\t\t\t\t\t<span class=\"author\"><i class=\"far fa-user\"><\/i> By Arnaud Barbezat<\/span>\n\t\t\t\t\t\t\t\t<span class=\"date\"><i class=\"far fa-calendar-minus\"><\/i> 06 Januar 2023<\/span>\n\t\t\t\t\t\t\t\t<span class=\"comments-count\"><i class=\"far fa-comment\"><\/i> 0 Comments<\/span>\n\t\t\t\t\t\t\t<\/div>\n\t\t\t\t\t\t\t<div class=\"sps-blog-title\">\n\t\t\t\t\t\t\t\t<h3><a href=\"https:\/\/www.switzerland-payroll.ch\/de\/schweizer-sozialversicherungsschutz\/\">Schweizer Sozialversicherungsschutz<\/a><\/h3>\n\t\t\t\t\t\t\t<\/div>\n\t\t\t\t\t\t\t<div class=\"sps-blog-text\">\n\t\t\t\t\t\t\t\t<p>Das schweizerische Sozialschutzsystem umfasst mehrere Elemente: \u2013 Alters- und Hinterlassenenversicherung (AHV) \u2013 Invalidenversicherung (IV) \u2013 Erwerbsausfallversicherung bei Mutterschaft (EO) \u2013 Betriebliche Altersvorsorge (BVG; 2. S\u00e4ule) \u2013 freiwillige individuelle Vorsorge (3. S\u00e4ule) \u2013 Berufsunfallversicherung (BUV) und Nichtberufsunfallversicherung (NBUV) \u2013 Arbeitslosenversicherung (ALV) \u2013 Familienzulagen (FZ) Mit Ausnahme der 3. S\u00e4ule sind alle diese Versicherungen obligatorisch. #sps #switzerland [&hellip;]<\/p>\n\t\t\t\t\t\t\t<\/div>\n\t\t\t\t\t\t\t<div class=\"sps-blog-button\">\n\t\t\t\t\t\t\t\t<a href=\"https:\/\/www.switzerland-payroll.ch\/de\/schweizer-sozialversicherungsschutz\/\">Read More<\/a>\n\t\t\t\t\t\t\t<\/div>\n\t\t\t\t\t\t<\/div>\n\t\t\t\t\t<\/div>\n\t\t\t\t<\/div>\n\t\t\t\t\t\t\t<div class=\"sps-blog-posts-items\">\n\t\t\t\t\t<div class=\"sps-blog-posts-items-inner\">\n\t\t\t\t\t\t\t\t\t\t\t\t\t<a href=\"https:\/\/www.switzerland-payroll.ch\/de\/flexibilitaet-fuer-unternehmen\/\">\n\t\t\t\t\t\t\t\t<div class=\"sps-blog-thumbnail\">\n\t\t\t\t\t\t\t\t\t<img loading=\"lazy\" decoding=\"async\" width=\"2067\" height=\"1240\" src=\"https:\/\/www.switzerland-payroll.ch\/wp-content\/uploads\/2020\/10\/News-SPS-entreprise-flex-LinkedIn.jpg\" class=\"attachment-post-thumbnail size-post-thumbnail wp-post-image\" alt=\"\" srcset=\"https:\/\/www.switzerland-payroll.ch\/wp-content\/uploads\/2020\/10\/News-SPS-entreprise-flex-LinkedIn.jpg 2067w, https:\/\/www.switzerland-payroll.ch\/wp-content\/uploads\/2020\/10\/News-SPS-entreprise-flex-LinkedIn-300x180.jpg 300w, https:\/\/www.switzerland-payroll.ch\/wp-content\/uploads\/2020\/10\/News-SPS-entreprise-flex-LinkedIn-1024x614.jpg 1024w, https:\/\/www.switzerland-payroll.ch\/wp-content\/uploads\/2020\/10\/News-SPS-entreprise-flex-LinkedIn-768x461.jpg 768w, https:\/\/www.switzerland-payroll.ch\/wp-content\/uploads\/2020\/10\/News-SPS-entreprise-flex-LinkedIn-1536x921.jpg 1536w, https:\/\/www.switzerland-payroll.ch\/wp-content\/uploads\/2020\/10\/News-SPS-entreprise-flex-LinkedIn-2048x1229.jpg 2048w\" sizes=\"(max-width: 2067px) 100vw, 2067px\" \/>\t\t\t\t\t\t\t\t<\/div>\n\t\t\t\t\t\t\t<\/a>\n\t\t\t\t\t\t\t\t\t\t\t\t<div class=\"sps-blog-content\">\n\t\t\t\t\t\t\t<div class=\"sps-blog-meta\">\n\t\t\t\t\t\t\t\t<span class=\"author\"><i class=\"far fa-user\"><\/i> By Arnaud Barbezat<\/span>\n\t\t\t\t\t\t\t\t<span class=\"date\"><i class=\"far fa-calendar-minus\"><\/i> 06 Januar 2023<\/span>\n\t\t\t\t\t\t\t\t<span class=\"comments-count\"><i class=\"far fa-comment\"><\/i> 0 Comments<\/span>\n\t\t\t\t\t\t\t<\/div>\n\t\t\t\t\t\t\t<div class=\"sps-blog-title\">\n\t\t\t\t\t\t\t\t<h3><a href=\"https:\/\/www.switzerland-payroll.ch\/de\/flexibilitaet-fuer-unternehmen\/\">Flexibilit\u00e4t f\u00fcr Unternehmen<\/a><\/h3>\n\t\t\t\t\t\t\t<\/div>\n\t\t\t\t\t\t\t<div class=\"sps-blog-text\">\n\t\t\t\t\t\t\t\t<p>Die Lohntr\u00e4gerschaft befreit Unternehmen vom Risiko des faktischen Arbeitgebers, reduziert den Verwaltungsaufwand und bietet Freelancern vollen Sozialversicherungsschutz FLEXIBILIT\u00c4T Mit SPS beauftragen Sie Ihre externen Dienstleister flexibel und unter vollst\u00e4ndiger Einhaltung des Schweizerischen Arbeitsvermittlungsgesetzes (AVG). Sie vereinbaren mit Ihrem Dienstleister den Einsatz und die Preise und SPS k\u00fcmmert sich um die gesamte Verwaltung, die Vertr\u00e4ge und [&hellip;]<\/p>\n\t\t\t\t\t\t\t<\/div>\n\t\t\t\t\t\t\t<div class=\"sps-blog-button\">\n\t\t\t\t\t\t\t\t<a href=\"https:\/\/www.switzerland-payroll.ch\/de\/flexibilitaet-fuer-unternehmen\/\">Read More<\/a>\n\t\t\t\t\t\t\t<\/div>\n\t\t\t\t\t\t<\/div>\n\t\t\t\t\t<\/div>\n\t\t\t\t<\/div>\n\t\t\t\t\t<\/div>\n\t\t\t\t\t<div class=\"blog-pagination\">\n\t\t\t\t<span aria-current=\"page\" class=\"page-numbers current\">1<\/span>\n<a class=\"page-numbers\" href=\"https:\/\/www.switzerland-payroll.ch\/de\/wp-json\/wp\/v2\/pages\/1569\/page\/2\/\">2<\/a>\n<a class=\"page-numbers\" href=\"https:\/\/www.switzerland-payroll.ch\/de\/wp-json\/wp\/v2\/pages\/1569\/page\/3\/\">3<\/a>\n<a class=\"next page-numbers\" href=\"https:\/\/www.switzerland-payroll.ch\/de\/wp-json\/wp\/v2\/pages\/1569\/page\/2\/\"><\/a>\t\t\t<\/div>\n\t\t\t\t<\/div>\n\t\t\t\t\t\t<\/div>\n\t\t\t\t<\/div>\n\t\t\t\t\t<\/div>\n\t\t<\/div>\n\t\t\t\t<div class=\"elementor-column elementor-col-50 elementor-top-column elementor-element elementor-element-6c19b5e0 blog-side-bar ie-blog-section-c2\" data-id=\"6c19b5e0\" data-element_type=\"column\" data-e-type=\"column\">\n\t\t\t<div class=\"elementor-widget-wrap elementor-element-populated\">\n\t\t\t\t\t\t<div class=\"elementor-element elementor-element-2eb7b15a elementor-widget elementor-widget-sidebar\" data-id=\"2eb7b15a\" data-element_type=\"widget\" data-e-type=\"widget\" data-widget_type=\"sidebar.default\">\n\t\t\t\t<div class=\"elementor-widget-container\">\n\t\t\t\t\t<div id=\"categories-5\" class=\"widget widget_categories\"><h4 class=\"widget-title\">Kategorien<\/h4>\n\t\t\t<ul>\n\t\t\t\t\t<li class=\"cat-item cat-item-16\"><a href=\"https:\/\/www.switzerland-payroll.ch\/de\/category\/nicht-kategorisiert\/\">Nicht kategorisiert<\/a> (9)\n<\/li>\n\t\t\t<\/ul>\n\n\t\t\t<\/div><div id=\"text-8\" class=\"widget widget_text\"><h4 class=\"widget-title\">Neueste Beitr\u00e4ge<\/h4>\t\t\t<div class=\"textwidget\">\t\t<div class=\"sps-recents-post-wrap\">\n\n\t\t\t\t\t\t\t<div class=\"sps-recents-post-items\">\n\t\t\t\t\t\t\t\t\t\t\t<div class=\"sps-recent-thumbnail\">\n\t\t\t\t\t\t\t<a href=\"https:\/\/www.switzerland-payroll.ch\/de\/das-umfassende-und-relativ-komplexe-sozialversicherungssystem-sps-kuemmert-sich-um-das-verfahren-zur-erlangung-ihrer-arbeitsbewilligung\/\">\n\t\t\t\t\t\t\t\t<div class=\"sps-recent-thumbnail-img\">\n\t\t\t\t\t\t\t\t\t<img fetchpriority=\"high\" decoding=\"async\" fetchpriority=\"high\" width=\"2067\" height=\"1240\" src=\"https:\/\/www.switzerland-payroll.ch\/wp-content\/uploads\/2020\/10\/News-SPS-permis-de-travail-LinkedIn.jpg\" class=\"attachment-post-thumbnail size-post-thumbnail wp-post-image\" alt=\"\" srcset=\"https:\/\/www.switzerland-payroll.ch\/wp-content\/uploads\/2020\/10\/News-SPS-permis-de-travail-LinkedIn.jpg 2067w, https:\/\/www.switzerland-payroll.ch\/wp-content\/uploads\/2020\/10\/News-SPS-permis-de-travail-LinkedIn-300x180.jpg 300w, https:\/\/www.switzerland-payroll.ch\/wp-content\/uploads\/2020\/10\/News-SPS-permis-de-travail-LinkedIn-1024x614.jpg 1024w, https:\/\/www.switzerland-payroll.ch\/wp-content\/uploads\/2020\/10\/News-SPS-permis-de-travail-LinkedIn-768x461.jpg 768w, https:\/\/www.switzerland-payroll.ch\/wp-content\/uploads\/2020\/10\/News-SPS-permis-de-travail-LinkedIn-1536x921.jpg 1536w, https:\/\/www.switzerland-payroll.ch\/wp-content\/uploads\/2020\/10\/News-SPS-permis-de-travail-LinkedIn-2048x1229.jpg 2048w\" sizes=\"(max-width: 2067px) 100vw, 2067px\" \/>\t\t\t\t\t\t\t\t<\/div>\n\t\t\t\t\t\t\t<\/a>\n\t\t\t\t\t\t<\/div>\n\t\t\t\t\t\n\t\t\t\t\t<div class=\"sps-recent-content\">\n\t\t\t\t\t\t<h2><a href=\"https:\/\/www.switzerland-payroll.ch\/de\/das-umfassende-und-relativ-komplexe-sozialversicherungssystem-sps-kuemmert-sich-um-das-verfahren-zur-erlangung-ihrer-arbeitsbewilligung\/\">DAS UMFASSENDE UND RELATIV KOMPLEXE SOZIALVERSICHERUNGSSYSTEM: SPS k\u00fcmmert sich um das Verfahren zur Erlangung Ihrer Arbeitsbewilligung<\/a><\/h2>\n\t\t\t\t\t\t<p><i class=\"far fa-clock\"><\/i> Januar 2023<\/p>\n\t\t\t\t\t<\/div>\n\t\t\t\t<\/div>\n\t\t\t\t\t\t\t<div class=\"sps-recents-post-items\">\n\t\t\t\t\t\t\t\t\t\t\t<div class=\"sps-recent-thumbnail\">\n\t\t\t\t\t\t\t<a href=\"https:\/\/www.switzerland-payroll.ch\/de\/schweizer-sozialversicherungsschutz\/\">\n\t\t\t\t\t\t\t\t<div class=\"sps-recent-thumbnail-img\">\n\t\t\t\t\t\t\t\t\t<img loading=\"lazy\" decoding=\"async\" width=\"2067\" height=\"1240\" src=\"https:\/\/www.switzerland-payroll.ch\/wp-content\/uploads\/2020\/10\/News-SPS-couverture-sociale-LinkedIn.jpg\" class=\"attachment-post-thumbnail size-post-thumbnail wp-post-image\" alt=\"\" srcset=\"https:\/\/www.switzerland-payroll.ch\/wp-content\/uploads\/2020\/10\/News-SPS-couverture-sociale-LinkedIn.jpg 2067w, https:\/\/www.switzerland-payroll.ch\/wp-content\/uploads\/2020\/10\/News-SPS-couverture-sociale-LinkedIn-300x180.jpg 300w, https:\/\/www.switzerland-payroll.ch\/wp-content\/uploads\/2020\/10\/News-SPS-couverture-sociale-LinkedIn-1024x614.jpg 1024w, https:\/\/www.switzerland-payroll.ch\/wp-content\/uploads\/2020\/10\/News-SPS-couverture-sociale-LinkedIn-768x461.jpg 768w, https:\/\/www.switzerland-payroll.ch\/wp-content\/uploads\/2020\/10\/News-SPS-couverture-sociale-LinkedIn-1536x921.jpg 1536w, https:\/\/www.switzerland-payroll.ch\/wp-content\/uploads\/2020\/10\/News-SPS-couverture-sociale-LinkedIn-2048x1229.jpg 2048w\" sizes=\"(max-width: 2067px) 100vw, 2067px\" \/>\t\t\t\t\t\t\t\t<\/div>\n\t\t\t\t\t\t\t<\/a>\n\t\t\t\t\t\t<\/div>\n\t\t\t\t\t\n\t\t\t\t\t<div class=\"sps-recent-content\">\n\t\t\t\t\t\t<h2><a href=\"https:\/\/www.switzerland-payroll.ch\/de\/schweizer-sozialversicherungsschutz\/\">Schweizer Sozialversicherungsschutz<\/a><\/h2>\n\t\t\t\t\t\t<p><i class=\"far fa-clock\"><\/i> Januar 2023<\/p>\n\t\t\t\t\t<\/div>\n\t\t\t\t<\/div>\n\t\t\t\t\t\t\t<div class=\"sps-recents-post-items\">\n\t\t\t\t\t\t\t\t\t\t\t<div class=\"sps-recent-thumbnail\">\n\t\t\t\t\t\t\t<a href=\"https:\/\/www.switzerland-payroll.ch\/de\/flexibilitaet-fuer-unternehmen\/\">\n\t\t\t\t\t\t\t\t<div class=\"sps-recent-thumbnail-img\">\n\t\t\t\t\t\t\t\t\t<img loading=\"lazy\" decoding=\"async\" width=\"2067\" height=\"1240\" src=\"https:\/\/www.switzerland-payroll.ch\/wp-content\/uploads\/2020\/10\/News-SPS-entreprise-flex-LinkedIn.jpg\" class=\"attachment-post-thumbnail size-post-thumbnail wp-post-image\" alt=\"\" srcset=\"https:\/\/www.switzerland-payroll.ch\/wp-content\/uploads\/2020\/10\/News-SPS-entreprise-flex-LinkedIn.jpg 2067w, https:\/\/www.switzerland-payroll.ch\/wp-content\/uploads\/2020\/10\/News-SPS-entreprise-flex-LinkedIn-300x180.jpg 300w, https:\/\/www.switzerland-payroll.ch\/wp-content\/uploads\/2020\/10\/News-SPS-entreprise-flex-LinkedIn-1024x614.jpg 1024w, https:\/\/www.switzerland-payroll.ch\/wp-content\/uploads\/2020\/10\/News-SPS-entreprise-flex-LinkedIn-768x461.jpg 768w, https:\/\/www.switzerland-payroll.ch\/wp-content\/uploads\/2020\/10\/News-SPS-entreprise-flex-LinkedIn-1536x921.jpg 1536w, https:\/\/www.switzerland-payroll.ch\/wp-content\/uploads\/2020\/10\/News-SPS-entreprise-flex-LinkedIn-2048x1229.jpg 2048w\" sizes=\"(max-width: 2067px) 100vw, 2067px\" \/>\t\t\t\t\t\t\t\t<\/div>\n\t\t\t\t\t\t\t<\/a>\n\t\t\t\t\t\t<\/div>\n\t\t\t\t\t\n\t\t\t\t\t<div class=\"sps-recent-content\">\n\t\t\t\t\t\t<h2><a href=\"https:\/\/www.switzerland-payroll.ch\/de\/flexibilitaet-fuer-unternehmen\/\">Flexibilit\u00e4t f\u00fcr Unternehmen<\/a><\/h2>\n\t\t\t\t\t\t<p><i class=\"far fa-clock\"><\/i> Januar 2023<\/p>\n\t\t\t\t\t<\/div>\n\t\t\t\t<\/div>\n\t\t\t\n\t\t<\/div>\n\t\t\n<\/div>\n\t\t<\/div>\t\t\t\t<\/div>\n\t\t\t\t<\/div>\n\t\t\t\t\t<\/div>\n\t\t<\/div>\n\t\t\t\t\t<\/div>\n\t\t<\/section>\n\t\t\t\t<\/div>\n\t\t","protected":false},"excerpt":{"rendered":"<p>Blog Unser Blog. Z\u00f6gern Sie nicht zu reagieren.<\/p>\n","protected":false},"author":17,"featured_media":0,"parent":0,"menu_order":0,"comment_status":"closed","ping_status":"closed","template":"elementor_header_footer","meta":{"_acf_changed":false,"footnotes":""},"class_list":["post-1569","page","type-page","status-publish","hentry"],"acf":[],"_links":{"self":[{"href":"https:\/\/www.switzerland-payroll.ch\/de\/wp-json\/wp\/v2\/pages\/1569","targetHints":{"allow":["GET"]}}],"collection":[{"href":"https:\/\/www.switzerland-payroll.ch\/de\/wp-json\/wp\/v2\/pages"}],"about":[{"href":"https:\/\/www.switzerland-payroll.ch\/de\/wp-json\/wp\/v2\/types\/page"}],"author":[{"embeddable":true,"href":"https:\/\/www.switzerland-payroll.ch\/de\/wp-json\/wp\/v2\/users\/17"}],"replies":[{"embeddable":true,"href":"https:\/\/www.switzerland-payroll.ch\/de\/wp-json\/wp\/v2\/comments?post=1569"}],"version-history":[{"count":3,"href":"https:\/\/www.switzerland-payroll.ch\/de\/wp-json\/wp\/v2\/pages\/1569\/revisions"}],"predecessor-version":[{"id":3227,"href":"https:\/\/www.switzerland-payroll.ch\/de\/wp-json\/wp\/v2\/pages\/1569\/revisions\/3227"}],"wp:attachment":[{"href":"https:\/\/www.switzerland-payroll.ch\/de\/wp-json\/wp\/v2\/media?parent=1569"}],"curies":[{"name":"wp","href":"https:\/\/api.w.org\/{rel}","templated":true}]}}